



{"id":337,"date":"2023-04-25T19:16:03","date_gmt":"2023-04-25T16:16:03","guid":{"rendered":"https:\/\/burcukaplan.com\/?page_id=337"},"modified":"2024-05-30T21:08:53","modified_gmt":"2024-05-30T18:08:53","slug":"hakkimizda","status":"publish","type":"page","link":"https:\/\/burcukaplan.com\/index.php\/hakkimizda\/","title":{"rendered":"Hakk\u0131m\u0131zda"},"content":{"rendered":"<p><section class=\"kc-elm kc-css-366977 kc_row\"><div class=\"kc-row-container  kc-container\"><div class=\"kc-wrap-columns\"><div class=\"kc-elm kc-css-167220 kc_col-sm-6 kc_column kc_col-sm-6\"><div class=\"kc-col-container\">\n<div class=\"kc-elm kc-css-970506 kc-title-wrap \">\n\n\t<h4 class=\"kc_title\">Merhaba, ben Burcu KAPLAN<\/h4>\n<\/div>\n<div class=\"kc-elm kc-css-607161 kc_text_block\"><\/p>\n<p>\u00c7ocuk &#038;Aile Dan\u0131\u015fman\u0131, Psikoloji Lisans \u00d6\u011frencisi, \u00c7ocuk Geli\u015fimi Uzman\u0131, Uzman \u00d6zel E\u011fitim \u00d6\u011fretmeni, Ya\u015fam ve E\u011fitim Ko\u00e7u, Ki\u015fisel Geli\u015fim Uzman\u0131&#038; Bir \u00e7ok Oyun Terapisi Uygulay\u0131c\u0131s\u0131 olarak (Psikolog ve \u00c7ocuk ve Ergen Yogas\u0131 E\u011fitmenli\u011fi yolda J)<\/p>\n<p>Ve Ben;<\/p>\n<p>Bir insan, bir kad\u0131n,\u00a0 bir anne, bir \u00e7ok uzmanl\u0131k alan\u0131 olan bir uzman, bir \u00f6\u011fretmen, bir geli\u015fimci olan geli\u015fime geli\u015ftirmeye her zaman a\u00e7 olan ve \u00e7\u00f6zmeyi, yol bulmay\u0131 ve de yol a\u00e7may\u0131 kendine i\u015f edinmi\u015f geli\u015fimsel dan\u0131\u015fman, ya\u015fam ve e\u011fitim ko\u00e7u, ki\u015fisel geli\u015fim uzman\u0131, \u00e7ocuk geli\u015fimi uzman\u0131, \u00e7ocuk ve aile dan\u0131\u015fman\u0131 ve psikoloji \u00f6\u011frencisi bir psikolog aday\u0131 ve hayallerini hedeflerine d\u00f6n\u00fc\u015ft\u00fcrm\u00fc\u015f bu yolda yolcu bir uzman\u0131m.<\/p>\n<p>\n<\/div><\/div><\/div><div class=\"kc-elm kc-css-454110 kc_col-sm-6 kc_column kc_col-sm-6\"><div class=\"kc-col-container\"><div class=\"kc-elm kc-css-591947 kc_shortcode kc_single_image\">\n\n        <img src=\"https:\/\/burcukaplan.com\/wp-content\/uploads\/2023\/03\/fot-foto.jpeg\" class=\"\" alt=\"\" \/>    <\/div>\n<\/div><\/div><\/div><\/div><\/section><section class=\"kc-elm kc-css-129298 kc_row\"><div class=\"kc-row-container  kc-container\"><div class=\"kc-wrap-columns\"><div class=\"kc-elm kc-css-660358 kc_col-sm-12 kc_column kc_col-sm-12\"><div class=\"kc-col-container\"><div class=\"kc-elm kc-css-932851 kc_text_block\"><\/p>\n<p>Ya\u015fam yolculu\u011fum 1985 y\u0131l\u0131nda Antalya da do\u011fumumla ba\u015flad\u0131. \u0130lk ve orta okul e\u011fitimimi Burdur\u2019un Bucak il\u00e7esinde memleketimde tamamlad\u0131m. Sonras\u0131n\u0131 2003 y\u0131l\u0131nda ikinci memleketim olan Antalya da Adem Tolunay Anadolu Lisesi\u2019nde tamamlad\u0131m.<\/p>\n<p>Daha sonra 2003 y\u0131l\u0131nda Anadolu \u00dcniversitesi E\u011fitim Fak\u00fcltesi Zihin Engelliler \u00d6\u011fretmenli\u011fi b\u00f6l\u00fcm\u00fcn\u00fc g\u00fczel bir puanla kazanarak e\u011fitim hayat\u0131ma harika bir \u00f6\u011frenci \u015fehri ya\u015fam alan\u0131 olan Eski\u015fehir\u2019de ba\u015flad\u0131m.<\/p>\n<p>Benim kendimi bulmam ve d\u00f6n\u00fc\u015ft\u00fcrmem hayata kendimi haz\u0131rlamam i\u00e7in harika bir f\u0131rsatt\u0131 diye anlatt\u0131\u011f\u0131m bu d\u00f6rt y\u0131l i\u00e7inde alan\u0131mla ilgili bir \u00e7ok g\u00f6n\u00fcll\u00fc \u00e7al\u0131\u015fma ve projede yer ald\u0131m \u00e7o\u011fu zaman da \u00f6nc\u00fcl\u00fck ettim.<\/p>\n<p>G\u00f6rme engelliler merkezlerinde g\u00f6n\u00fcll\u00fc olarak okumaya ba\u015flad\u0131\u011f\u0131m kitaplar\u0131n pe\u015fi s\u0131ra Anadolu \u00dcniversitesi Engelliler Entegre Merkezi\u2019nde de g\u00f6n\u00fcll\u00fc stajerlik \u00e7al\u0131\u015fmalar\u0131m ile de bu yolda d\u00f6n\u00fc\u015f\u00fcm\u00fcm ivme kazand\u0131. Ayn\u0131 d\u00f6nemlerde ald\u0131\u011f\u0131m Ya\u015fam Ko\u00e7lu\u011fu ve Ki\u015fisel Geli\u015fim e\u011fitimleri bir tesad\u00fcf\u00fcn getirisi de\u011fil, m\u00fcthi\u015f bir aile rehberli\u011fi ve dan\u0131\u015fmanl\u0131\u011f\u0131 ihtiyac\u0131n\u0131n fark\u0131ndal\u0131\u011f\u0131 ile ba\u015flam\u0131\u015f ve sonras\u0131 gelmi\u015fti. Hem Ya\u015fam ko\u00e7u olabilmek ve bu e\u011fitimleri sonuna kadar almak Ya\u015fam Ko\u00e7lar\u0131 yeti\u015ftirmek ve de TOHUM OT\u0130ZM VAKFI\u2019nda Otizmi ve aileleri tan\u0131mak i\u00e7in m\u00fcthi\u015f f\u0131rsatlar elde edip avantaja d\u00f6n\u00fc\u015ft\u00fcrd\u00fc\u011f\u00fcm bir y\u0131l ge\u00e7irdikten sonra 2008 y\u0131l\u0131nda Antalya\u2019ya hayallerimi ufak ufak in\u015faa etmeye geri d\u00f6nd\u00fcm. Sonras\u0131nda birka\u00e7 tane rehabilitasyon merkezinde \u00f6\u011fretmenlik yapt\u0131m.<\/p>\n<p>\u00a0Mehmet Akif \u00dcniversitesi\u2019nde d\u00f6rt d\u00f6nem \u00f6\u011fretim g\u00f6revlili\u011fi yapt\u0131m. Antalya da ve Bucak\u2019ta iki \u015fube \u015feklinde dan\u0131\u015fmanl\u0131k \u015firketimi kurdum. Ard\u0131ndan Necmettin Erbakan \u00dcniversitesi \u00d6zel E\u011fitim Ana Bilim Dal\u0131nda tezli y\u00fcksek lisans e\u011fitimine hak kazan\u0131nca bu \u00e7al\u0131\u015fmalar\u0131n hepsine ara vererek e\u011fitime a\u011f\u0131rl\u0131k verdim. Bu s\u00fcre\u00e7te bir de anne oldum. Tez savunmam\u0131 k\u0131z\u0131mla tek v\u00fccut halinde yaparak alan\u0131mda Bilim \u0130nsan\u0131 olma hakk\u0131 kazand\u0131m. Bu s\u00fcrece paralel olarak i\u015fin di\u011fer mutfa\u011f\u0131 olan Milli E\u011fitim Bakanl\u0131\u011f\u0131\u2019na ba\u011fl\u0131 okullarda da \u00e7al\u0131\u015fmak istedim.\u00a0 Dokuz y\u0131l boyunca Milli E\u011fitim Bakanl\u0131\u011f\u0131 b\u00fcnyesinde \u00f6\u011fretmen, e\u011fitimci, proje yazarl\u0131\u011f\u0131 ve y\u00fcr\u00fct\u00fcc\u00fcs\u00fc, ekip \u00fcyesi ve bir \u00e7ok \u00e7al\u0131\u015ftayda aktif kat\u0131l\u0131mc\u0131 ve \u00e7al\u0131\u015fmac\u0131 olarak yer al\u0131rken bir \u00e7ok terapi y\u00f6ntemi e\u011fitimi ald\u0131m ve uygulamaya hak kazand\u0131m. \u015eu an yay\u0131nlamaya haz\u0131r olan kitab\u0131m\u0131 da o d\u00f6nemde yazd\u0131m.\u00a0 Bir yandan her ay e- dergi yazmaya ba\u015flad\u0131m g\u00f6n\u00fcll\u00fc dostlar\u0131mla beraber insan \u00fczerine. Bu s\u00fcre\u00e7 i\u00e7inde \u00c7ocuk Geli\u015fimi Lisans b\u00f6l\u00fcm\u00fcn\u00fc okudum. Bir de en b\u00fcy\u00fck hayalim olan Psikoloji Lisans\u0131n\u0131 \u00f6rg\u00fcn olarak okumaya ba\u015flad\u0131m bu y\u0131l. (detaylar CV b\u00f6l\u00fcm\u00fcnde bulunmaktad\u0131r)<\/p>\n<p>Veeee art\u0131k;<\/p>\n<p>\u00c7ocuk &amp; Aile Dan\u0131\u015fman\u0131, Psikoloji Lisans \u00d6\u011frencisi, \u00c7ocuk Geli\u015fimi Uzman\u0131, Uzman \u00d6zel E\u011fitim \u00d6\u011fretmeni, Ya\u015fam ve E\u011fitim Ko\u00e7u, Ki\u015fisel Geli\u015fim Uzman\u0131&amp; Bir \u00e7ok Oyun Terapisi Uygulay\u0131c\u0131s\u0131, Masal Terapisi Uygulay\u0131c\u0131s\u0131 olarak (Psikoloji lisans\u0131 yolda J)<\/p>\n<p><strong>AKADEM\u0130K CV<\/strong><\/p>\n<p><strong>\u00a0\u00d6\u011frenim Durumu:<\/strong> <strong>\u00a0<\/strong><\/p>\n<table>\n<tbody>\n<tr>\n<td width=\"154\">\n<p><strong>Derece <\/strong><\/p>\n<\/td>\n<td width=\"154\">\n<p><strong>Alan <\/strong><\/p>\n<\/td>\n<td width=\"154\">\n<p><strong>\u00dcniversite <\/strong><\/p>\n<\/td>\n<td width=\"154\">\n<p><strong>Y\u0131l <\/strong><\/p>\n<\/td>\n<\/tr>\n<tr>\n<td width=\"154\">\n<p><strong>Tezli Y\u00fcksek Lisans<\/strong><\/p>\n<\/td>\n<td width=\"154\">\n<p><strong>Klinik Psikoloji <\/strong><\/p>\n<\/td>\n<td width=\"154\">\n<p><strong>(hen\u00fcz ba\u015flamad\u0131):)<\/strong><\/p>\n<\/td>\n<td width=\"154\">\n<p><strong>\u0130n\u015fallah \u00d6n\u00fcm\u00fczdeki Y\u0131llarda \ud83d\ude42<\/strong><\/p>\n<\/td>\n<\/tr>\n<tr>\n<td width=\"154\">\n<p><strong>Lisans <\/strong><\/p>\n<\/td>\n<td width=\"154\">\n<p><strong>Psikoloji <\/strong><\/p>\n<\/td>\n<td width=\"154\">\n<p><strong>Antalya Belek \u00dcniversitesi <\/strong><\/p>\n<\/td>\n<td width=\"154\">\n<p><strong>2024- (Devam Ediyor)<\/strong><\/p>\n<\/td>\n<\/tr>\n<tr>\n<td width=\"154\">\n<p><strong>Lisans <\/strong><\/p>\n<\/td>\n<td width=\"154\">\n<p><strong>\u00c7ocuk Geli\u015fimi <\/strong><\/p>\n<\/td>\n<td width=\"154\">\n<p><strong>\u0130stanbul \u00dcniversitesi <\/strong><\/p>\n<\/td>\n<td width=\"154\">\n<p><strong>2019-2024<\/strong><\/p>\n<\/td>\n<\/tr>\n<tr>\n<td width=\"154\">\n<p><strong>Tezli Y\u00fcksek Lisans <\/strong><\/p>\n<\/td>\n<td width=\"154\">\n<p><strong>\u00d6zel E\u011fitim <\/strong><\/p>\n<\/td>\n<td width=\"154\">\n<p><strong>Necmettin Erbakan \u00dcniversitesi <\/strong><\/p>\n<\/td>\n<td width=\"154\">\n<p><strong>2012-2017<\/strong><\/p>\n<\/td>\n<\/tr>\n<tr>\n<td width=\"154\">\n<p><strong>Lisans <\/strong><\/p>\n<\/td>\n<td width=\"154\">\n<p><strong>Zihin Engelliler \u00d6\u011fretmenli\u011fi <\/strong><\/p>\n<\/td>\n<td width=\"154\">\n<p><strong>Anadolu \u00dcniversitesi <\/strong><\/p>\n<\/td>\n<td width=\"154\">\n<p><strong>2003-2007<\/strong><\/p>\n<\/td>\n<\/tr>\n<\/tbody>\n<\/table>\n<p><strong>\u00a0<\/strong><\/p>\n<p><strong><u>Kurdu\u011fu ve Kurucu Orta\u011f\u0131 Oldu\u011fu Kul\u00fcpler<\/u><\/strong><\/p>\n<ol>\n<li>Atalia Kitap Kul\u00fcb\u00fc Kurucu Orta\u011f\u0131- Antalya<\/li>\n<li>Atalia Parents Kurucu Orta\u011f\u0131- Antalya<\/li>\n<\/ol>\n<p><strong>\u00a0<\/strong><\/p>\n<p><strong><u>Haz\u0131rlad\u0131\u011f\u0131 E- dergi<\/u><\/strong><\/p>\n<ol>\n<li>\u2018Burcu Kaplan \u00c7ocuk ve Aile\u2019<\/li>\n<\/ol>\n<p>Aral\u0131k 2023 Say\u0131 1<\/p>\n<p>Ocak 2024 Say\u0131 2<\/p>\n<p><strong>\u00a0<\/strong><\/p>\n<p><strong><u>Haz\u0131rlad\u0131\u011f\u0131 \u00d6zel E\u011fitim Materyalleri<\/u><\/strong><\/p>\n<ol>\n<li>\u0130lk \u00d6zel \u00c7izgilerim \u00c7izgi Kitab\u0131 (Bas\u0131m i\u00e7in haz\u0131r)<\/li>\n<li>Materyal Yar\u0131\u015fmas\u0131 \u2018\u2019Benim bir g\u00fcn\u00fcm\u2019\u2019<\/li>\n<li>Materyal Yar\u0131\u015fmas\u0131 \u2018\u2019\u00d6zel E\u011fitim Tangram\u0131\u2019\u2019<\/li>\n<li>Materyal \u00dcretmen Proje Ortakl\u0131\u011f\u0131 Milli E\u011fitim Bakanl\u0131\u011f\u0131<\/li>\n<\/ol>\n<p><strong style=\"font-style: inherit;\"><u><br \/>Akademik G\u00f6revler:<\/u><\/strong><\/p>\n<p><strong>\u00d6\u011fretim G\u00f6revlisi, <\/strong>Hikmet Tolunay M.Y.O\u00a0,\u00a0\u00a0Mehmet Akif \u00dcniversitesi\u00a0,2009-2012<\/p>\n<p><strong><u><br \/>Verdi\u011fi Dersler:<\/u><\/strong><\/p>\n<ol>\n<li>\u00d6zel E\u011fitim I<\/li>\n<li>\u00d6zel E\u011fitim II<\/li>\n<li>Hasta \u00c7ocuklar\u0131n E\u011fitimi I<\/li>\n<li>Hasta \u00c7ocuklar\u0131n E\u011fitimi II<\/li>\n<li>Dil Geli\u015fimi Bozuklu\u011fu Olan \u00c7ocuklar\u0131n E\u011fitimi I<\/li>\n<li>Dil Geli\u015fimi Bozuklu\u011fu Olan \u00c7ocuklar\u0131n E\u011fitimi II<\/li>\n<li>Zihin Engellilerin E\u011fitimi I<\/li>\n<li>Zihin Engellilerin E\u011fitimi II<\/li>\n<\/ol>\n<p><strong><u><br \/>\u0130\u015f Deneyimleri:<\/u><\/strong><\/p>\n<p><strong>\u00d6\u011fretmen<\/strong>,\u00a0 TOHUM Otizm Vakf\u0131, \u0130stanbul,2007-2008<\/p>\n<p><strong>\u00d6\u011fretmen ,<\/strong> B\u00fcy\u00fckgebiz Rehabilitasyon Merkezi, Antalya, 2008-2009<\/p>\n<p><strong>Kurucu M\u00fcd\u00fcr\/Uzman<\/strong>\u00a0\u00a0 D\u00f6n\u00fc\u015f\u00fcm Kona\u011f\u0131 E\u011fitim Merkezi,\u00a0 Antalya,\u00a0\u00a0 2009-2011<\/p>\n<p><strong>Kurucu M\u00fcd\u00fcr\/Uzman<\/strong>\u00a0\u00a0 D\u00f6n\u00fc\u015f\u00fcm Kona\u011f\u0131 E\u011fitim Merkezi, Burdur\/Bucak\u00a0\u00a0 2009-2011<\/p>\n<p><strong>\u00d6\u011fretmen,<\/strong>\u00a0 Empati Rehabilitasyon Merkezi, Antalya, 2011-2012<\/p>\n<p><strong>\u00d6\u011fretmen,<\/strong>\u00a0\u00a0 Milli E\u011fitim Bakanl\u0131\u011f\u0131 , Antalya ,2012-2022<\/p>\n<p><strong>Kurucu , <\/strong>Burcu Kaplan Oyun Merkezi, Antalya ,\u00a0 2022-\u2026..<\/p>\n<p><strong><u><br \/>Ald\u0131\u011f\u0131 G\u00f6revler:<\/u><\/strong><\/p>\n<p><strong>E\u011fitmen,<\/strong> MEB Kurslar\u0131 160 Saat (5 Ayr\u0131 Kursta G\u00f6rev Alm\u0131\u015ft\u0131r) , 2012-2014<\/p>\n<p><strong>\u00d6\u011fretmen Kat\u0131l\u0131mc\u0131<\/strong> , \u00d6zel Destek E\u011fitim Programlar\u0131 Geli\u015ftirme \u00c7al\u0131\u015ftay\u0131 ,\u00a0 2015<\/p>\n<p><strong>\u00d6\u011fretmen Kat\u0131l\u0131mc\u0131<\/strong> Engelsiz Eri\u015filebilir Antalya \u0130\u00e7in Tek Y\u00fcrek Ortak Hizmet \u00c7al\u0131\u015ftay\u0131\u00a0\u00a0\u00a0\u00a0\u00a0\u00a0 2015\u00a0\u00a0\u00a0\u00a0\u00a0\u00a0\u00a0\u00a0\u00a0\u00a0\u00a0\u00a0\u00a0\u00a0\u00a0\u00a0\u00a0\u00a0\u00a0\u00a0\u00a0\u00a0\u00a0\u00a0\u00a0\u00a0\u00a0\u00a0\u00a0\u00a0\u00a0\u00a0\u00a0\u00a0\u00a0\u00a0\u00a0\u00a0\u00a0\u00a0\u00a0\u00a0\u00a0\u00a0\u00a0\u00a0\u00a0\u00a0\u00a0\u00a0\u00a0\u00a0\u00a0\u00a0\u00a0\u00a0\u00a0\u00a0\u00a0\u00a0\u00a0\u00a0\u00a0\u00a0\u00a0\u00a0\u00a0\u00a0\u00a0\u00a0\u00a0\u00a0\u00a0\u00a0\u00a0\u00a0 \u00a0<\/p>\n<p><strong>Proje Koordinat\u00f6r\u00fc<\/strong> , \u00d6zel Etkinlik G\u00fcnleri Proje -Antalya \u0130l Milli E\u011fitim M\u00fcd\u00fcrl\u00fc\u011f\u00fc\u00a0\u00a0 2017-2018<\/p>\n<p>(Proje Yazar\u0131-Sorumlusu \u2013 Y\u00fcr\u00fct\u00fcc\u00fcs\u00fc)<\/p>\n<p><strong><br \/>Kat\u0131ld\u0131\u011f\u0131 Kongreler:<\/strong><\/p>\n<p><strong>2013\u00a0\u00a0\u00a0 <\/strong>23. Ulusal \u00d6zel E\u011fitim Kongresi, Bolu<\/p>\n<p><strong>2013\u00a0\u00a0 <\/strong>ELM\u0130S-ER-2013 Uluslararas\u0131 \u00d6zel E\u011fitim Kongresi<\/p>\n<p><strong>2013 <\/strong>Uluslararas\u0131 Kat\u0131l\u0131ml\u0131 Konya Otizm G\u00fcnleri<\/p>\n<p><strong>2018<\/strong> 28. Ulusal \u00d6zel E\u011fitim Kongresi, Eski\u015fehir<\/p>\n<p><strong><br \/>Y\u00fcksek Lisans Tezi <\/strong><\/p>\n<p>Rehberlik Ara\u015ft\u0131rma Merkezlerinde G\u00f6rev Yapan \u00d6\u011fretmenlerin Otizm Spektrum Bozuklu\u011fu Olan<\/p>\n<p>\u00c7ocuklar\u0131n E\u011fitsel De\u011ferlendirme S\u00fcrecine \u0130li\u015fkin Yeterliliklerinin De\u011ferlendirilmesi, 2016, KONYA<\/p>\n<p><strong><br \/>S\u00f6zl\u00fc\u00a0 ve Poster Bildirileri<\/strong><\/p>\n<p>Otistik Spektrum Bozuklu\u011fu\/Yayg\u0131n Geli\u015fimsel Bozuklu\u011fu Olan \u00c7ocu\u011fa Sahip Ailelerin; \u00c7ocuklar\u0131n\u0131n Ergenlik D\u00f6neminde Cinsel Davran\u0131\u015flar\u0131na Uygun Tepkide Bulunma Yeterliliklerinin \u0130ncelenmesi, 2013, KONYA<\/p>\n<p>\u00d6zel E\u011fitim S\u0131n\u0131flar\u0131nda E\u011fitim G\u00f6ren \u00d6\u011frencilerin E\u011fitimine Aile Kat\u0131l\u0131m\u0131n\u0131n \u00d6\u011fretmen G\u00f6r\u00fc\u015flerine Dayal\u0131 Olarak De\u011ferlendirilmesi, 2013, BOLU<\/p>\n<p>\u00d6zel E\u011fitim Okullar\u0131nda ve \u00d6zel E\u011fitim S\u0131n\u0131flar\u0131 Bulunan Okullarda G\u00f6rev Yapan Rehber \u00d6\u011fretmenlerin, \u00d6zel E\u011fitimle \u0130lgili G\u00f6rev Ve Sorumluluklar\u0131na \u0130li\u015fkin Davran\u0131\u015flar\u0131n\u0131n De\u011ferlendirilmesi (\u00d6zel E\u011fitim S\u0131n\u0131f \u00d6\u011fretmenleri Taraf\u0131ndan), 2013, BOLU<\/p>\n<p>Alan De\u011fi\u015fikli\u011fi \u0130le Zihin Engelliler S\u0131n\u0131f \u00d6\u011fretmenli\u011fi Alan\u0131na Ge\u00e7en S\u0131n\u0131f \u00d6\u011fretmenlerinin, \u00d6zel e\u011fitim Alan\u0131ndaki Alan Yeterliliklerinin Belirlenmesi, 2013, BOLU<\/p>\n<p>\u00d6zel E\u011fitim S\u0131n\u0131flar\u0131nda E\u011fitim G\u00f6ren \u00d6\u011frencilerin E\u011fitimine Aile Kat\u0131l\u0131m\u0131n\u0131n \u00d6\u011fretmen G\u00f6r\u00fc\u015flerine Dayal\u0131 Olarak De\u011ferlendirilmesi, 2014, ANTALYA<\/p>\n<p>Antalya \u0130linde \u00d6zel Gereksinimli Bireylerin Velilerine Y\u00f6nelik Haz\u0131rlanmas\u0131 Planlanan Ge\u00e7i\u015f Oryantasyon Program\u0131n\u0131n,\u00d6zel Gereksinimli Bireylerin \u0130lk \u0130nceleme ve Kademeler Aras\u0131 Ge\u00e7i\u015flerinde Program\u0131n Kapsam\u0131n\u0131 ve Konu Ba\u015fl\u0131klar\u0131n\u0131 Belirleme, 2018, ESK\u0130\u015eEH\u0130R<\/p>\n<p><strong><br \/>Kat\u0131ld\u0131\u011f\u0131 Seminerler \/ Kurslar <\/strong>\u00a0<\/p>\n<ol>\n<li>MASAL TERAP\u0130S\u0130 E\u011fitimi 2024<\/li>\n<li>\u00c7OCUK VE ERGEN YOGASI E\u011fitmenlik E\u011fitimi,2024<\/li>\n<li>OYUN TERAP\u0130S\u0130, 2024<\/li>\n<li>COGENT Erken \u00c7ocukluk Bili\u015fsel M\u00fcdahale Program\u0131 ,2022<\/li>\n<li>Z\u0130H\u0130N KURAMI , 2022<\/li>\n<li>THERAPLAY , 2021<\/li>\n<li>DIR FLOORT\u0130ME 201 TEMEL FONKS\u0130YON DUYUSAL GEL\u0130\u015e\u0130M KAPAS\u0130TELER\u0130N\u0130 DESTEKLEMEK KURSU, \u0130stanbul, 2019<\/li>\n<li>DIR FLOORT\u0130ME 101 BA\u015eLANGI\u00c7 D\u00dcZEY\u0130,\u0130stanbul, 2019<\/li>\n<li>BBA, 2019<\/li>\n<li>GOBDO-2-TV G\u0130LL\u0130AM OT\u0130ST\u0130K BOZUKLUK DERECELEND\u0130RME \u00d6L\u00c7E\u011e\u0130,Ant, 2019<\/li>\n<li>ETE\u00c7OM ETK\u0130LE\u015e\u0130M TEMELL\u0130 ERKEN \u00c7OCUKLUKTA M\u00dcDAHALE PROGRAMI,Ant 2019<\/li>\n<li>EROT ERKEN OKURYAZARLIK, Antalya, 2019<\/li>\n<li>PORTAGE GEL\u0130\u015e\u0130M \u00d6L\u00c7E\u011e\u0130,Antalya, 2019<\/li>\n<li>GOOD ENOUGH-HAR\u0130S B\u0130R \u0130NSAN \u00c7\u0130Z TEST\u0130,Antalya,2017<\/li>\n<li>DRAW A PERSON TEST\u0130, Antalya, 2017<\/li>\n<li>B\u0130R A\u0130LE \u00c7\u0130Z TEST\u0130, Antalya, 2017<\/li>\n<li>GESSEL GEL\u0130\u015e\u0130M F\u0130G\u00dcRLER\u0130 TEST\u0130, Antalya, 2017<\/li>\n<li>CATTEL 2A ZEKA TEST\u0130, Antalya, 2017<\/li>\n<li>PEABODY RES\u0130M KEL\u0130ME E\u015eLE\u015eT\u0130RME TEST\u0130 Antalya,2017<\/li>\n<li>METROPOL\u0130TAN OKUL OLGUNLU\u011eU TEST\u0130, Antalya, 2017<\/li>\n<li>ANKARA GEL\u0130\u015e\u0130M TARAMA ENVANTER\u0130 (AGTE), Antalya, 2017<\/li>\n<li>PORTEUS LAB\u0130RENTLER\u0130 TEST\u0130 , Antalya , 2017<\/li>\n<li>KENT EGY S\u00d6ZEL IQ TEST\u0130, Antalya, 2017<\/li>\n<li>BURDON D\u0130KKAT TEST\u0130, Antalya, 2017<\/li>\n<li>BENDER GESTALT G\u00d6RSEL MOTOR ALGILAMA TEST\u0130, Antalya, 2017<\/li>\n<li>BE\u0130BER C\u00dcMLE TAMAMLAMA TEST\u0130, Antalya, 2017<\/li>\n<li>LU\u0130SA DUSS \u00d6YK\u00dc TAMAMLAMA TEST\u0130, Antalya, 2017<\/li>\n<li>DUYULAR TEST\u0130, Antalya, 2017<\/li>\n<li>M\u0130N\u0130 MENTAL TEST, Antalya, 2017<\/li>\n<li>AMER\u0130KAN H\u0130PERAKT\u0130V\u0130TE \u00d6L\u00c7E\u011e\u0130, Antalya, 2017<\/li>\n<li>\u00c7OCUKLAR \u0130\u00c7\u0130N DEPRESYON \u00d6L\u00c7E\u011e\u0130, Antalya, 2017<\/li>\n<li>\u00c7OCUKLAR \u0130\u00c7\u0130N ANKS\u0130YETE \u00d6L\u00c7E\u011e\u0130, Antalya, 2017<\/li>\n<li>PECS, \u0130zmir, 2008<\/li>\n<li>NNLP DES\u0130GNER, \u0130stanbul, 2007<\/li>\n<li>NNLP LIFE COACH\u0130NG, \u0130stanbul, 2006<\/li>\n<li>NNLP PRACT\u0130T\u0130ONER, Eski\u015fehir, 2006\u00a0\u00a0\u00a0\u00a0\u00a0\u00a0\u00a0\u00a0\u00a0\u00a0<\/li>\n<li>\u00d6ZEL GEREKS\u0130N\u0130ML\u0130 B\u0130REYLERDE C\u0130NSEL E\u011e\u0130T\u0130M, Eski\u015fehir, 2006\u00a0\u00a0\u00a0\u00a0\u00a0\u00a0\u00a0\u00a0\u00a0\u00a0\u00a0\u00a0\u00a0\u00a0\u00a0\u00a0\u00a0\u00a0\u00a0\u00a0\u00a0\u00a0\u00a0\u00a0\u00a0\u00a0\u00a0\u00a0\u00a0<\/li>\n<\/ol>\n<p>\n<\/div><\/div><\/div><\/div><\/div><\/section><\/p>\n","protected":false},"excerpt":{"rendered":"","protected":false},"author":1,"featured_media":0,"parent":0,"menu_order":0,"comment_status":"closed","ping_status":"closed","template":"","meta":[],"_links":{"self":[{"href":"https:\/\/burcukaplan.com\/index.php\/wp-json\/wp\/v2\/pages\/337"}],"collection":[{"href":"https:\/\/burcukaplan.com\/index.php\/wp-json\/wp\/v2\/pages"}],"about":[{"href":"https:\/\/burcukaplan.com\/index.php\/wp-json\/wp\/v2\/types\/page"}],"author":[{"embeddable":true,"href":"https:\/\/burcukaplan.com\/index.php\/wp-json\/wp\/v2\/users\/1"}],"replies":[{"embeddable":true,"href":"https:\/\/burcukaplan.com\/index.php\/wp-json\/wp\/v2\/comments?post=337"}],"version-history":[{"count":6,"href":"https:\/\/burcukaplan.com\/index.php\/wp-json\/wp\/v2\/pages\/337\/revisions"}],"predecessor-version":[{"id":464,"href":"https:\/\/burcukaplan.com\/index.php\/wp-json\/wp\/v2\/pages\/337\/revisions\/464"}],"wp:attachment":[{"href":"https:\/\/burcukaplan.com\/index.php\/wp-json\/wp\/v2\/media?parent=337"}],"curies":[{"name":"wp","href":"https:\/\/api.w.org\/{rel}","templated":true}]}}