



{"id":416,"date":"2024-05-26T17:31:02","date_gmt":"2024-05-26T14:31:02","guid":{"rendered":"https:\/\/burcukaplan.com\/?page_id=416"},"modified":"2024-05-26T17:31:02","modified_gmt":"2024-05-26T14:31:02","slug":"ozel-egitim-uzmanligi","status":"publish","type":"page","link":"https:\/\/burcukaplan.com\/index.php\/ozel-egitim-uzmanligi\/","title":{"rendered":"\u00d6ZEL E\u011e\u0130T\u0130M UZMANLI\u011eI"},"content":{"rendered":"<p><section class=\"kc-elm kc-css-665583 kc_row\"><div class=\"kc-row-container  kc-container\"><div class=\"kc-wrap-columns\"><div class=\"kc-elm kc-css-903000 kc_col-sm-12 kc_column kc_col-sm-12\"><div class=\"kc-col-container\">\n<div class=\"kc-elm kc-css-455603 kc-title-wrap \">\n\n\t<h2 class=\"kc_title\">\u00d6ZEL E\u011e\u0130T\u0130M UZMANLI\u011eI<\/h2><hr \/>\n<\/div>\n<\/div><\/div><\/div><\/div><\/section><section class=\"kc-elm kc-css-562652 kc_row\"><div class=\"kc-row-container  kc-container\"><div class=\"kc-wrap-columns\"><div class=\"kc-elm kc-css-10975 kc_col-sm-12 kc_column kc_col-sm-12\"><div class=\"kc-col-container\"><\/div><\/div><\/div><\/div><\/section><section class=\"kc-elm kc-css-97317 kc_row\"><div class=\"kc-row-container  kc-container\"><div class=\"kc-wrap-columns\"><div class=\"kc-elm kc-css-325015 kc_col-sm-12 kc_column kc_col-sm-12\"><div class=\"kc-col-container\"><div class=\"kc-elm kc-css-659304 kc_text_block\"><\/p>\n<p>\u00d6ZEL E\u011e\u0130T\u0130M \u00d6\u011eRETMENL\u0130\u011e\u0130 NED\u0130R?<\/p>\n<p>\u00d6zel E\u011fitim \u00d6\u011fretmenli\u011fi Lisans Program\u0131 mezunlar\u0131 Milli E\u011fitim Bakanl\u0131\u011f\u0131na (MEB) ba\u011fl\u0131 \u00f6zel e\u011fitim okullar\u0131nda, \u00f6zel e\u011fitim s\u0131n\u0131flar\u0131nda ya da Rehberlik Ara\u015ft\u0131rma Merkezlerinde \u201c\u00f6zel e\u011fitim \u00f6\u011fretmeni\u201d olarak istihdam edilmektedirler. Ayr\u0131ca mezunlar\u0131m\u0131z \u00f6zel e\u011fitim ve rehabilitasyon merkezlerinde de \u201c\u00f6zel e\u011fitim \u00f6\u011fretmeni\u201d olarak \u00e7al\u0131\u015fabilmektedirler. \u00d6zellikle \u00fclkemizde \u00f6zel e\u011fitim \u00f6\u011fretmenli\u011fi alan\u0131nda yeti\u015fmi\u015f personel azl\u0131\u011f\u0131 g\u00f6z \u00f6n\u00fcne al\u0131nd\u0131\u011f\u0131nda, Kamu Personeli Se\u00e7me S\u0131nav\u0131 sonucunda hemen t\u00fcm mezunlar\u0131m\u0131z atanabilmektedirler. Dolay\u0131s\u0131yla \u00d6zel E\u011fitim \u00d6\u011fretmenli\u011fi Lisans Program\u0131 T\u00fcrkiye\u2019de istihdam sorunu olmayan ender \u00f6\u011fretmenlik alanlar\u0131ndan birisidir.<\/p>\n<ul>\n<li>Burcu KAPLAN 2007 Y\u0131l\u0131nda ANADOLU \u00dcN\u0130VERS\u0130TES\u0130 Z\u0130H\u0130N ENGELL\u0130LER \u00d6\u011eRETMENL\u0130\u011e\u0130 L\u0130SANS PROGRAMINDAN BA\u015eARI \u0130LE MEZUN OLMU\u015eTUR.<\/li>\n<\/ul>\n<p>(<a href=\"https:\/\/www.anadolu.edu.tr\/akademik\/fakulteler\/171\/ozel-egitim-bolumu\/bolum-genel-bilgi\">https:\/\/www.anadolu.edu.tr\/akademik\/fakulteler\/171\/ozel-egitim-bolumu\/bolum-genel-bilgi<\/a>)<\/p>\n<p>\u00d6ZEL E\u011e\u0130T\u0130M UZMANLI\u011eI NED\u0130R VE NELER GEREKT\u0130R\u0130R?<\/p>\n<p>Bir \u00f6zel e\u011fitim uzman\u0131;<\/p>\n<p>\u00d6zel e\u011fitim alan\u0131n\u0131n anabilim dal\u0131nda tezli y\u00fcksek lisans yapm\u0131\u015f ki\u015fidir.<\/p>\n<p>Bilimsel ara\u015ft\u0131rmada yay\u0131n eti\u011finin kuramsal i\u00e7eri\u011fini bilerek ara\u015ft\u0131rma desenleyebilir,.alan\u0131nda uzmanl\u0131k d\u00fczeyinde kuramsal ve uygulamal\u0131 bilgi birikimine g\u00f6re d\u00fczenleyebilir.<\/p>\n<p>Alan\u0131ndaki bilgileri ara\u015ft\u0131r\u0131rken ele\u015ftirel bir yakla\u015f\u0131mla g\u00f6zden ge\u00e7irebilir ve alan\u0131nda sahip oldu\u011fu uzmanl\u0131k d\u00fczeyindeki bilgileri kuramsal ve uygulamal\u0131 olarak kullanabilir. .<\/p>\n<p>Alan\u0131 ile ilgili kendi g\u00f6r\u00fc\u015f ve d\u00fc\u015f\u00fcncelerini ya da yapt\u0131\u011f\u0131 ara\u015ft\u0131rma sonu\u00e7lar\u0131n\u0131 uzman ya da uzman olmayan bir topluluk \u00f6n\u00fcnde payla\u015fabilir ve olu\u015fturd\u011fu sav\u0131 savunabilir.<\/p>\n<p>Alan\u0131 ile ilgili elde etti\u011fi bilgileri, yapt\u0131\u011f\u0131 ara\u015ft\u0131rmalar\u0131 kendi uzmanl\u0131k bilgisi \u00e7er\u00e7evesinde de\u011ferlendirebilir ve bu \u00f6zl\u00e7\u00fcde ele\u015ftirebilir.<\/p>\n<p>Alan\u0131 ile ilgili sahip oldu\u011fu bilgiyi disiplinleraras\u0131 ba\u015fka \u00e7al\u0131\u015fmalarda kullanabilir ve i\u015fbirli\u011fi yapabilir.<\/p>\n<ul>\n<li>Burcu KAPLAN 2016 Y\u0131l\u0131nda NECMETT\u0130N ERBAKAN \u00dcN\u0130VERS\u0130TES\u0130 \u00d6ZEL E\u011e\u0130T\u0130M ANAB\u0130L\u0130M DALI TEZL\u0130 Y\u00dcKSEK L\u0130SANS PROGRAMINDAN BA\u015eARI \u0130LE MEZUN OLMU\u015eTUR.<\/li>\n<\/ul>\n<p>\n<\/div><\/div><\/div><\/div><\/div><\/section><section class=\"kc-elm kc-css-816662 kc_row\"><div class=\"kc-row-container  kc-container\"><div class=\"kc-wrap-columns\"><div class=\"kc-elm kc-css-547063 kc_col-sm-12 kc_column kc_col-sm-12\"><div class=\"kc-col-container\">\n<div class=\"kc-elm kc-css-136567 kc-call-to-action kc-cta-3 kc-is-button\">\n\n\t<div class=\"kc-cta-desc\"><h2>De\u011ferlendirme ve Aile Bilgi Formu<\/h2><div class=\"kc-cta-text\">Detayl\u0131 bilgi almak i\u00e7in formu doldurunuz.\r\nUzmanlar\u0131m\u0131z en k\u0131sa s\u00fcrede sizinle ileti\u015fime ge\u00e7ecektir.<\/div><\/div><div class=\"kc-cta-button\"><a href=\"https:\/\/burcukaplan.com\/index.php\/degerlendirme-ve-aile-bilgi-formu\/\" title=\"DE\u011eERLEND\u0130RME VE A\u0130LE B\u0130LG\u0130 FORMU\">Forma git <span class=\"kc-cta-icon\"><i class=\"fab-wpforms\"><\/i><\/span><\/a><\/div>\n<\/div>\n<\/div><\/div><\/div><\/div><\/section><section class=\"kc-elm kc-css-438320 kc_row\"><div class=\"kc-row-container  kc-container\"><div class=\"kc-wrap-columns\"><div class=\"kc-elm kc-css-554589 kc_col-sm-12 kc_column kc_col-sm-12\"><div class=\"kc-col-container\"><div class=\"kc-elm kc-css-135285 kc_text_block\"><\/p>\n<p>&nbsp;<\/p>\n<p>\n<\/div><\/div><\/div><\/div><\/div><\/section><\/p>\n","protected":false},"excerpt":{"rendered":"","protected":false},"author":1,"featured_media":0,"parent":0,"menu_order":0,"comment_status":"closed","ping_status":"closed","template":"","meta":[],"_links":{"self":[{"href":"https:\/\/burcukaplan.com\/index.php\/wp-json\/wp\/v2\/pages\/416"}],"collection":[{"href":"https:\/\/burcukaplan.com\/index.php\/wp-json\/wp\/v2\/pages"}],"about":[{"href":"https:\/\/burcukaplan.com\/index.php\/wp-json\/wp\/v2\/types\/page"}],"author":[{"embeddable":true,"href":"https:\/\/burcukaplan.com\/index.php\/wp-json\/wp\/v2\/users\/1"}],"replies":[{"embeddable":true,"href":"https:\/\/burcukaplan.com\/index.php\/wp-json\/wp\/v2\/comments?post=416"}],"version-history":[{"count":1,"href":"https:\/\/burcukaplan.com\/index.php\/wp-json\/wp\/v2\/pages\/416\/revisions"}],"predecessor-version":[{"id":423,"href":"https:\/\/burcukaplan.com\/index.php\/wp-json\/wp\/v2\/pages\/416\/revisions\/423"}],"wp:attachment":[{"href":"https:\/\/burcukaplan.com\/index.php\/wp-json\/wp\/v2\/media?parent=416"}],"curies":[{"name":"wp","href":"https:\/\/api.w.org\/{rel}","templated":true}]}}